{"id":3,"date":"2023-12-25T23:45:27","date_gmt":"2023-12-25T22:45:27","guid":{"rendered":"http:\/\/perspeo.cluster030.hosting.ovh.net\/?page_id=3"},"modified":"2024-01-05T18:31:57","modified_gmt":"2024-01-05T17:31:57","slug":"politique-de-confidentialite","status":"publish","type":"page","link":"https:\/\/perspectiveconseil.fr\/index.php\/politique-de-confidentialite\/","title":{"rendered":"Politique de confidentialit\u00e9"},"content":{"rendered":"[et_pb_section fb_built=\u00a0\u00bb1&Prime; admin_label=\u00a0\u00bbsection\u00a0\u00bb _builder_version=\u00a0\u00bb4.16&Prime; global_colors_info=\u00a0\u00bb{}\u00a0\u00bb][et_pb_row admin_label=\u00a0\u00bbrow\u00a0\u00bb _builder_version=\u00a0\u00bb4.16&Prime; background_size=\u00a0\u00bbinitial\u00a0\u00bb background_position=\u00a0\u00bbtop_left\u00a0\u00bb background_repeat=\u00a0\u00bbrepeat\u00a0\u00bb global_colors_info=\u00a0\u00bb{}\u00a0\u00bb][et_pb_column type=\u00a0\u00bb4_4&Prime; _builder_version=\u00a0\u00bb4.16&Prime; custom_padding=\u00a0\u00bb|||\u00a0\u00bb global_colors_info=\u00a0\u00bb{}\u00a0\u00bb custom_padding__hover=\u00a0\u00bb|||\u00a0\u00bb][et_pb_text _builder_version=\u00a0\u00bb4.23.4&Prime; _module_preset=\u00a0\u00bbdefault\u00a0\u00bb hover_enabled=\u00a0\u00bb0&Prime; sticky_enabled=\u00a0\u00bb0&Prime;]<p style=\"text-align: center;\"><strong>Politique de confidentialit\u00e9\u00a0<\/strong><\/p>[\/et_pb_text][et_pb_text admin_label=\u00a0\u00bbText\u00a0\u00bb _builder_version=\u00a0\u00bb4.23.4&Prime; background_size=\u00a0\u00bbinitial\u00a0\u00bb background_position=\u00a0\u00bbtop_left\u00a0\u00bb background_repeat=\u00a0\u00bbrepeat\u00a0\u00bb hover_enabled=\u00a0\u00bb0&Prime; global_colors_info=\u00a0\u00bb{}\u00a0\u00bb sticky_enabled=\u00a0\u00bb0&Prime;]<p><\/p>\n<p>Nous nous engageons \u00e0 respecter la vie priv\u00e9e de chaque personne dont nous sommes amen\u00e9s \u00e0 traiter les donn\u00e9es \u00e0 caract\u00e8re personnel (d\u00e9nomm\u00e9es ci-apr\u00e8s \u00ab<strong>Donn\u00e9es personnelles<\/strong>\u00bb).<\/p>\n<div class=\"et_pb_module et_pb_text et_pb_text_1  et_pb_text_align_left et_pb_bg_layout_light\">\n<div class=\"et_pb_text_inner\">\n<p><span>Nous traitons notamment les Donn\u00e9es personnelles de nos clients, des personnes qui visitent notre site web et plus globalement de toute personne avec laquelle nous entrons en contact dans le cadre de notre activit\u00e9 d\u2019avocat.<\/span><\/p>\n<p><span>Nous veillons \u00e0 assurer la s\u00e9curit\u00e9 de vos\u00a0<\/span><strong>Donn\u00e9es personnelles<\/strong><span>, en mettant en \u0153uvre des mesures techniques, juridiques et organisationnelles renforc\u00e9es.<\/span><\/p>\n<p><span>Conform\u00e9ment \u00e0 la loi n\u00b078-17 du 6 janvier 1978 modifi\u00e9e relative \u00e0 l\u2019informatique, aux fichiers et aux libert\u00e9s, et au r\u00e8glement europ\u00e9en 2016\/679, dit R\u00e8glement G\u00e9n\u00e9ral sur la Protection des Donn\u00e9es (<\/span><strong>RGPD<\/strong><span>), vous disposez d\u2019un droit d\u2019acc\u00e8s, de rectification, de suppression des informations qui vous concernent.<\/span><\/p>\n<\/div>\n<\/div>\n<div class=\"et_pb_module et_pb_text et_pb_text_2  et_pb_text_align_left et_pb_bg_layout_light\">\n<div class=\"et_pb_text_inner\">\n<p><strong><\/strong><\/p>\n<p><strong>I- Qui sommes nous ?\u00a0<\/strong><\/p>\n<p><strong><\/strong><\/p>\n<p>L\u2019adresse de notre site est :<span>\u00a0<\/span><a href=\"http:\/\/www.perspectiveconseil.fr\">www.perspectiveconseil.fr<\/a><strong><\/strong><\/p>\n<p><em><b>14 Avenue du 8 Mai 1945 &#8211; 64100 Bayonne<\/b><\/em><\/p>\n<p><em><b>Siret : 901 050 450 00013 <\/b><\/em><\/p>\n<p><em><b>Code APE : 69.2<\/b><\/em><em><b>0Z<\/b><\/em><\/p>\n<p><em><b>N\u00b0 de T\u00e9l\u00e9phone :<span>+33(0) 6.73.47.73.78<\/span><\/b><\/em><\/p>\n<p><strong>II \u2013 D\u00e9l\u00e9gu\u00e9 \u00e0 la protection des donn\u00e9es<\/strong><strong><\/strong><\/p>\n<p>Pour les donn\u00e9es personnelles collect\u00e9es dans le cadre de la navigation du visiteur, le d\u00e9l\u00e9gu\u00e9 \u00e0 la protection des donn\u00e9es personnelles est Christophe Priem<\/p>\n<p>Il est \u00e0 votre disposition pour toute question relative \u00e0 la protection de vos donn\u00e9es personnelles, vous pourrez le contacter \u00e0 l\u2019adresse mail : <a href=\"mailto:social@perspectiveconseil.fr\">social@perspectiveconseil.fr<\/a><\/p>\n<p>En tant que responsable du traitement des donn\u00e9es que nous collectons, nous nous engageons \u00e0 respecter le cadre des dispositions l\u00e9gales en vigueur. Il nous appartient notamment d\u2019\u00e9tablir les finalit\u00e9s de traitements de nos donn\u00e9es, de fournir \u00e0 nos visiteurs, \u00e0 partir de la collecte de leurs consentements, une information compl\u00e8te sur le traitement de leurs donn\u00e9es personnelles et de maintenir un registre des traitements conforme \u00e0 la r\u00e9alit\u00e9. Chaque fois que nous traitons des donn\u00e9es personnelles, nous prenons toutes les mesures raisonnables pour nous assurer de l\u2019exactitude et de la pertinence des donn\u00e9es personnelles au regard des finalit\u00e9s pour lesquelles nous les traitons.<\/p>\n<p><strong>III \u2013 Collecte et Protection des donn\u00e9es\u00a0<\/strong><\/p>\n<p>Vos donn\u00e9es sont collect\u00e9es par l\u2019entreprise Perspective &amp; Conseil<\/p>\n<p>Une donn\u00e9e \u00e0 caract\u00e8re personnel d\u00e9signe toute information concernant une personne physique identifi\u00e9e ou identifiable (personne concern\u00e9e) ; est r\u00e9put\u00e9e identifiable une personne qui peut \u00eatre identifi\u00e9e, directement ou indirectement, notamment par r\u00e9f\u00e9rence \u00e0 un nom, un num\u00e9ro d\u2019identification ou \u00e0 un ou plusieurs \u00e9l\u00e9ments sp\u00e9cifiques, propres \u00e0 son identit\u00e9 physique, physiologique, g\u00e9n\u00e9tique, psychique, \u00e9conomique, culturelle ou sociale.<\/p>\n<p>Les informations personnelles pouvant \u00eatre recueillies sur le site sont principalement utilis\u00e9es par l\u2019\u00e9diteur pour la gestion des relations avec vous, et le cas \u00e9ch\u00e9ant pour le traitement de votre rendez-vous.<\/p>\n<p>Les donn\u00e9es personnelles collect\u00e9es sont les suivantes :<\/p>\n<p><strong>\u2013 Nom et pr\u00e9nom<\/strong><br \/><strong>\u2013 Adresse mail<\/strong><br \/><strong>\u2013 Num\u00e9ro de t\u00e9l\u00e9phone<\/strong><\/p>\n<p>Un d\u00e9l\u00e9gu\u00e9 de la protection des donn\u00e9es est \u00e0 votre disposition pour toute question relative \u00e0 la protection de vos donn\u00e9es personnelles.<\/p>\n<p><strong>IV \u2013 Droit d\u2019acc\u00e8s, de rectification et de d\u00e9r\u00e9f\u00e9rencement de vos donn\u00e9es<\/strong><\/p>\n<p>En application de la r\u00e9glementation applicable aux donn\u00e9es \u00e0 caract\u00e8re personnel, les utilisateurs disposent des droits suivants :<\/p>\n<p><span><strong>Le droit d\u2019acc\u00e8s :<\/strong>\u00a0<\/span>ils peuvent exercer leur droit d\u2019acc\u00e8s, pour conna\u00eetre les donn\u00e9es personnelles les concernant, en \u00e9crivant \u00e0 l\u2019adresse \u00e9lectronique ci-dessous mentionn\u00e9e. Dans ce cas, avant la mise en \u0153uvre de ce droit, la Plateforme peut demander une preuve de l\u2019identit\u00e9 de l\u2019utilisateur afin d\u2019en v\u00e9rifier l\u2019exactitude ;<\/p>\n<p><span><strong>Le droit de rectification :<\/strong>\u00a0<\/span>si les donn\u00e9es \u00e0 caract\u00e8re personnel d\u00e9tenues par la Plateforme sont inexactes, ils peuvent demander la mise \u00e0 jour des informations ; le droit de suppression des donn\u00e9es : les utilisateurs peuvent demander la suppression de leurs donn\u00e9es \u00e0 caract\u00e8re personnel, conform\u00e9ment aux lois applicables en mati\u00e8re de protection des donn\u00e9es ;<\/p>\n<p><strong><span>Le droit \u00e0 la limitation du traitement :<\/span><span>\u00a0<\/span><\/strong>les utilisateurs peuvent de demander \u00e0 la Plateforme de limiter le traitement des donn\u00e9es personnelles conform\u00e9ment aux hypoth\u00e8ses pr\u00e9vues par le RGPD ;<\/p>\n<p><span><strong>Le droit de s\u2019opposer au traitement des donn\u00e9es :<\/strong><\/span><span>\u00a0<\/span>les utilisateurs peuvent s\u2019opposer \u00e0 ce que leurs donn\u00e9es soient trait\u00e9es conform\u00e9ment aux hypoth\u00e8ses pr\u00e9vues par le RGPD ;<\/p>\n<p><span><strong>Le droit \u00e0 la portabilit\u00e9 :<\/strong>\u00a0<\/span>ils peuvent r\u00e9clamer que la Plateforme leur remette les donn\u00e9es personnelles qu\u2019ils ont fournies pour les transmettre \u00e0 une nouvelle Plateforme.<\/p>\n<p>Vous pouvez exercer ce droit en nous contactant, \u00e0 l\u2019adresse suivante :<\/p>\n<p><span><strong>14 Avenue du 8 Mai 1945 &#8211; 64 100 Bayonne\u00a0<\/strong><\/span><\/p>\n<p>Ou par email, \u00e0 l\u2019adresse :<\/p>\n<p><a href=\"mailto:social@perspectiveconseil.fr\">social@perspectiveconseil.fr<\/a><\/p>\n<p>Toute demande doit \u00eatre accompagn\u00e9e de la photocopie d\u2019un titre d\u2019identit\u00e9 en cours de validit\u00e9 sign\u00e9 et faire mention de l\u2019adresse \u00e0 laquelle l\u2019\u00e9diteur pourra contacter le demandeur. La r\u00e9ponse sera adress\u00e9e dans le mois suivant la r\u00e9ception de la demande. Ce d\u00e9lai d\u2019un mois peut \u00eatre prolong\u00e9 de deux mois si la complexit\u00e9 de la demande et\/ou le nombre de demandes l\u2019exigent.<\/p>\n<p>De plus, et depuis la loi n\u00b02016-1321 du 7 octobre 2016, les personnes qui le souhaitent, ont la possibilit\u00e9 d\u2019 organiser le sort de leurs donn\u00e9es apr\u00e8s leur d\u00e9c\u00e8s.<\/p>\n<p>Pour plus d\u2019information sur le sujet, vous pouvez consulter le site Internet de la CNIL :<span>\u00a0<\/span><a href=\"https:\/\/www.cnil.fr\/\" target=\"_blank\" rel=\"noopener\">https:\/\/www.cnil.fr\/ .<\/a><\/p>\n<p>Les utilisateurs peuvent aussi introduire une r\u00e9clamation aupr\u00e8s de la CNIL sur le site de la CNIL :\u00a0<a href=\"https:\/\/www.cnil.fr\/\" target=\"_blank\" rel=\"noopener\">https:\/\/www.cnil.fr<\/a>.<\/p>\n<p>Nous vous recommandons de nous contacter dans un premier temps avant de d\u00e9poser une r\u00e9clamation aupr\u00e8s de la CNIL, car nous sommes \u00e0 votre enti\u00e8re disposition pour r\u00e9gler votre probl\u00e8me.<\/p>\n<p><strong>V \u2013 Utilisation des donn\u00e9es<\/strong><\/p>\n<p>Les donn\u00e9es personnelles collect\u00e9es aupr\u00e8s des utilisateurs ont pour objectif la mise \u00e0 disposition des services de la Plateforme, leur am\u00e9lioration et le maintien d\u2019un environnement s\u00e9curis\u00e9. La base l\u00e9gale des traitements est l\u2019ex\u00e9cution du contrat entre l\u2019utilisateur et la Plateforme. Plus pr\u00e9cis\u00e9ment, les utilisations sont les suivantes :<\/p>\n<p>\u2013 acc\u00e8s et utilisation de la Plateforme par l\u2019utilisateur ;<br \/>\u2013 gestion du fonctionnement et optimisation de la Plateforme ;<br \/>\u2013 mise en \u0153uvre d\u2019une assistance utilisateurs ;<br \/>\u2013 v\u00e9rification, identification et authentification des donn\u00e9es transmises par l\u2019utilisateur ;<br \/>\u2013 personnalisation des services en affichant des publicit\u00e9s en fonction de l\u2019historique de navigation de<br \/>l\u2019utilisateur, selon ses pr\u00e9f\u00e9rences ;<br \/>\u2013 pr\u00e9vention et d\u00e9tection des fraudes, malwares (malicious softwares ou logiciels malveillants) et gestion<br \/>des incidents de s\u00e9curit\u00e9 ;<br \/>\u2013 gestion des \u00e9ventuels litiges avec les utilisateurs ;<br \/>\u2013 envoi d\u2019informations commerciales et publicitaires, en fonction des pr\u00e9f\u00e9rences de l\u2019utilisateur ;<\/p>\n<p><strong>VI \u2013 Politique de conservation des donn\u00e9es<\/strong><\/p>\n<p>La Plateforme conserve vos donn\u00e9es pour la dur\u00e9e n\u00e9cessaire pour vous fournir ses services ou son assistance. Dans la mesure raisonnablement n\u00e9cessaire ou requise pour satisfaire aux obligations l\u00e9gales ou r\u00e9glementaires, r\u00e9gler des litiges, emp\u00eacher les fraudes et abus ou appliquer nos modalit\u00e9s et conditions, nous pouvons \u00e9galement conserver certaines de vos informations si n\u00e9cessaire, m\u00eame apr\u00e8s que vous ayez ferm\u00e9 votre compte ou que nous n\u2019ayons plus besoin pour vous fournir nos services.<\/p>\n<p><strong>VII- Partage des donn\u00e9es personnelles avec des tiers<\/strong><\/p>\n<p>Les donn\u00e9es personnelles peuvent \u00eatre partag\u00e9es avec des soci\u00e9t\u00e9s tierces exclusivement dans l\u2019Union europ\u00e9enne, dans les cas suivants :<\/p>\n<p>\u2013 lorsque l\u2019utilisateur publie, dans les zones de commentaires libres de la Plateforme, des informations accessibles au public ;<br \/>\u2013 quand l\u2019utilisateur autorise le site web d\u2019un tiers \u00e0 acc\u00e9der \u00e0 ses donn\u00e9es ;<br \/>\u2013 quand la Plateforme recourt aux services de prestataires pour fournir l\u2019assistance utilisateurs, la publicit\u00e9 et les services de paiement. Ces prestataires disposent d\u2019un acc\u00e8s limit\u00e9 aux donn\u00e9es de l\u2019utilisateur, dans le cadre de l\u2019ex\u00e9cution de ces prestations, et ont l\u2019obligation contractuelle de les utiliser en conformit\u00e9 avec les dispositions de la r\u00e9glementation applicable en mati\u00e8re protection des donn\u00e9es \u00e0 caract\u00e8re personnel ;<br \/>\u2013 si la loi l\u2019exige, la Plateforme peut effectuer la transmission de donn\u00e9es pour donner suite aux r\u00e9clamations pr\u00e9sent\u00e9es contre la Plateforme et se conformer aux proc\u00e9dures administratives et judiciaires.<\/p>\n<p><strong>VIII \u2013 Cookies\u00a0<\/strong><\/p>\n<p><strong><em>Qu\u2019est-ce qu\u2019un \u00ab cookie \u00bb ?<\/em><\/strong><\/p>\n<p>Un \u00ab Cookie \u00bb ou traceur est un fichier \u00e9lectronique d\u00e9pos\u00e9 sur un terminal (ordinateur, tablette, smartphone,\u2026) et lu par exemple lors de la consultation d\u2019un site internet, de la lecture d\u2019un courrier \u00e9lectronique, de l\u2019installation ou de l\u2019utilisation d\u2019un logiciel ou d\u2019une application mobile et ce, quel que soit le type de terminal utilis\u00e9 (source :<span>\u00a0<\/span><a href=\"https:\/\/www.cnil.fr\/fr\/cookies-traceurs-que-dit-la-loi)\" target=\"_blank\" rel=\"noopener\">https:\/\/www.cnil.fr\/fr\/cookies-traceurs-que-dit-la-loi )<\/a>.<\/p>\n<p>Le site peut collecter automatiquement des informations standards. Toutes les informations collect\u00e9es indirectement ne seront utilis\u00e9es que pour suivre le volume, le type et la configuration du trafic utilisant ce site, pour en d\u00e9velopper la conception et l\u2019agencement et \u00e0 d\u2019autres fins administratives et de planification et plus g\u00e9n\u00e9ralement pour am\u00e9liorer le service que nous vous offrons.<\/p>\n<p>Le cas \u00e9ch\u00e9ant, des \u00ab cookies \u00bb \u00e9manant de l\u2019\u00e9diteur du site et\/ou des soci\u00e9t\u00e9s tiers pourront \u00eatre d\u00e9pos\u00e9s sur votre terminal, avec votre accord. Dans ce cas, lors de la premi\u00e8re navigation sur ce site, une banni\u00e8re explicative sur l\u2019utilisation des \u00ab cookies \u00bb appara\u00eetra. Avant de poursuivre la navigation, le client et\/ou le prospect devra accepter ou refuser l\u2019utilisation desdits \u00ab cookies \u00bb.<\/p>\n<p>Le consentement donn\u00e9 sera valable pour une p\u00e9riode de treize (26) mois. L\u2019utilisateur a la possibilit\u00e9 de d\u00e9sactiver les cookies \u00e0 tout moment.<\/p>\n<p style=\"text-align: center;\"><span>Pour toute information relative aux cookies utilis\u00e9s par notre site Internet, nous vous invitons \u00e0 cliquer sur le lien\u00a0 : \u00ab\u00a0<\/span>Politique de Cookies<span>\u00a0\u00bb<\/span><\/p>\n<\/div>\n<\/div>\n<p><\/p>[\/et_pb_text][\/et_pb_column][\/et_pb_row][et_pb_row _builder_version=\u00a0\u00bb4.23.4&Prime; _module_preset=\u00a0\u00bbdefault\u00a0\u00bb][et_pb_column _builder_version=\u00a0\u00bb4.23.4&Prime; _module_preset=\u00a0\u00bbdefault\u00a0\u00bb type=\u00a0\u00bb4_4&Prime;][et_pb_text _builder_version=\u00a0\u00bb4.23.4&Prime; _module_preset=\u00a0\u00bbdefault\u00a0\u00bb hover_enabled=\u00a0\u00bb0&Prime; sticky_enabled=\u00a0\u00bb0&Prime;]<p style=\"text-align: center;\"><strong>Politique de cookies<\/strong><\/p>[\/et_pb_text][\/et_pb_column][\/et_pb_row][\/et_pb_section]","protected":false},"excerpt":{"rendered":"<p>Politique de confidentialit\u00e9\u00a0 Nous nous engageons \u00e0 respecter la vie priv\u00e9e de chaque personne dont nous sommes amen\u00e9s \u00e0 traiter les donn\u00e9es \u00e0 caract\u00e8re personnel (d\u00e9nomm\u00e9es ci-apr\u00e8s \u00abDonn\u00e9es personnelles\u00bb). Nous traitons notamment les Donn\u00e9es personnelles de nos clients, des personnes qui visitent notre site web et plus globalement de toute personne avec laquelle nous entrons [&hellip;]<\/p>\n","protected":false},"author":1,"featured_media":0,"parent":0,"menu_order":0,"comment_status":"closed","ping_status":"closed","template":"","meta":{"_et_pb_use_builder":"on","_et_pb_old_content":"<!-- wp:heading --><h2>Qui sommes-nous\u00a0?<\/h2><!-- \/wp:heading --><!-- wp:paragraph --><p><strong class=\"privacy-policy-tutorial\">Texte sugg\u00e9r\u00e9\u00a0: <\/strong>L\u2019adresse de notre site est\u00a0: http:\/\/perspeo.cluster030.hosting.ovh.net.<\/p><!-- \/wp:paragraph --><!-- wp:heading --><h2>Commentaires<\/h2><!-- \/wp:heading --><!-- wp:paragraph --><p><strong class=\"privacy-policy-tutorial\">Texte sugg\u00e9r\u00e9\u00a0: <\/strong>Quand vous laissez un commentaire sur notre site, les donn\u00e9es inscrites dans le formulaire de commentaire, ainsi que votre adresse IP et l\u2019agent utilisateur de votre navigateur sont collect\u00e9s pour nous aider \u00e0 la d\u00e9tection des commentaires ind\u00e9sirables.<\/p><!-- \/wp:paragraph --><!-- wp:paragraph --><p>Une cha\u00eene anonymis\u00e9e cr\u00e9\u00e9e \u00e0 partir de votre adresse e-mail (\u00e9galement appel\u00e9e hash) peut \u00eatre envoy\u00e9e au service Gravatar pour v\u00e9rifier si vous utilisez ce dernier. Les clauses de confidentialit\u00e9 du service Gravatar sont disponibles ici\u00a0: https:\/\/automattic.com\/privacy\/. Apr\u00e8s validation de votre commentaire, votre photo de profil sera visible publiquement \u00e0 cot\u00e9 de votre commentaire.<\/p><!-- \/wp:paragraph --><!-- wp:heading --><h2>M\u00e9dias<\/h2><!-- \/wp:heading --><!-- wp:paragraph --><p><strong class=\"privacy-policy-tutorial\">Texte sugg\u00e9r\u00e9\u00a0: <\/strong>Si vous t\u00e9l\u00e9versez des images sur le site, nous vous conseillons d\u2019\u00e9viter de t\u00e9l\u00e9verser des images contenant des donn\u00e9es EXIF de coordonn\u00e9es GPS. Les personnes visitant votre site peuvent t\u00e9l\u00e9charger et extraire des donn\u00e9es de localisation depuis ces images.<\/p><!-- \/wp:paragraph --><!-- wp:heading --><h2>Cookies<\/h2><!-- \/wp:heading --><!-- wp:paragraph --><p><strong class=\"privacy-policy-tutorial\">Texte sugg\u00e9r\u00e9\u00a0: <\/strong>Si vous d\u00e9posez un commentaire sur notre site, il vous sera propos\u00e9 d\u2019enregistrer votre nom, adresse e-mail et site dans des cookies. C\u2019est uniquement pour votre confort afin de ne pas avoir \u00e0 saisir ces informations si vous d\u00e9posez un autre commentaire plus tard. Ces cookies expirent au bout d\u2019un an.<\/p><!-- \/wp:paragraph --><!-- wp:paragraph --><p>Si vous vous rendez sur la page de connexion, un cookie temporaire sera cr\u00e9\u00e9 afin de d\u00e9terminer si votre navigateur accepte les cookies. Il ne contient pas de donn\u00e9es personnelles et sera supprim\u00e9 automatiquement \u00e0 la fermeture de votre navigateur.<\/p><!-- \/wp:paragraph --><!-- wp:paragraph --><p>Lorsque vous vous connecterez, nous mettrons en place un certain nombre de cookies pour enregistrer vos informations de connexion et vos pr\u00e9f\u00e9rences d\u2019\u00e9cran. La dur\u00e9e de vie d\u2019un cookie de connexion est de deux jours, celle d\u2019un cookie d\u2019option d\u2019\u00e9cran est d\u2019un an. Si vous cochez \u00ab\u00a0Se souvenir de moi\u00a0\u00bb, votre cookie de connexion sera conserv\u00e9 pendant deux semaines. Si vous vous d\u00e9connectez de votre compte, le cookie de connexion sera effac\u00e9.<\/p><!-- \/wp:paragraph --><!-- wp:paragraph --><p>En modifiant ou en publiant une publication, un cookie suppl\u00e9mentaire sera enregistr\u00e9 dans votre navigateur. Ce cookie ne comprend aucune donn\u00e9e personnelle. Il indique simplement l\u2019ID de la publication que vous venez de modifier. Il expire au bout d\u2019un jour.<\/p><!-- \/wp:paragraph --><!-- wp:heading --><h2>Contenu embarqu\u00e9 depuis d\u2019autres sites<\/h2><!-- \/wp:heading --><!-- wp:paragraph --><p><strong class=\"privacy-policy-tutorial\">Texte sugg\u00e9r\u00e9\u00a0: <\/strong>Les articles de ce site peuvent inclure des contenus int\u00e9gr\u00e9s (par exemple des vid\u00e9os, images, articles\u2026). Le contenu int\u00e9gr\u00e9 depuis d\u2019autres sites se comporte de la m\u00eame mani\u00e8re que si le visiteur se rendait sur cet autre site.<\/p><!-- \/wp:paragraph --><!-- wp:paragraph --><p>Ces sites web pourraient collecter des donn\u00e9es sur vous, utiliser des cookies, embarquer des outils de suivis tiers, suivre vos interactions avec ces contenus embarqu\u00e9s si vous disposez d\u2019un compte connect\u00e9 sur leur site web.<\/p><!-- \/wp:paragraph --><!-- wp:heading --><h2>Utilisation et transmission de vos donn\u00e9es personnelles<\/h2><!-- \/wp:heading --><!-- wp:paragraph --><p><strong class=\"privacy-policy-tutorial\">Texte sugg\u00e9r\u00e9\u00a0: <\/strong>Si vous demandez une r\u00e9initialisation de votre mot de passe, votre adresse IP sera incluse dans l\u2019e-mail de r\u00e9initialisation.<\/p><!-- \/wp:paragraph --><!-- wp:heading --><h2>Dur\u00e9es de stockage de vos donn\u00e9es<\/h2><!-- \/wp:heading --><!-- wp:paragraph --><p><strong class=\"privacy-policy-tutorial\">Texte sugg\u00e9r\u00e9\u00a0: <\/strong>Si vous laissez un commentaire, le commentaire et ses m\u00e9tadonn\u00e9es sont conserv\u00e9s ind\u00e9finiment. Cela permet de reconna\u00eetre et approuver automatiquement les commentaires suivants au lieu de les laisser dans la file de mod\u00e9ration.<\/p><!-- \/wp:paragraph --><!-- wp:paragraph --><p>Pour les comptes qui s\u2019inscrivent sur notre site (le cas \u00e9ch\u00e9ant), nous stockons \u00e9galement les donn\u00e9es personnelles indiqu\u00e9es dans leur profil. Tous les comptes peuvent voir, modifier ou supprimer leurs informations personnelles \u00e0 tout moment (\u00e0 l\u2019exception de leur identifiant). Les gestionnaires du site peuvent aussi voir et modifier ces informations.<\/p><!-- \/wp:paragraph --><!-- wp:heading --><h2>Les droits que vous avez sur vos donn\u00e9es<\/h2><!-- \/wp:heading --><!-- wp:paragraph --><p><strong class=\"privacy-policy-tutorial\">Texte sugg\u00e9r\u00e9\u00a0: <\/strong>Si vous avez un compte ou si vous avez laiss\u00e9 des commentaires sur le site, vous pouvez demander \u00e0 recevoir un fichier contenant toutes les donn\u00e9es personnelles que nous poss\u00e9dons \u00e0 votre sujet, incluant celles que vous nous avez fournies. Vous pouvez \u00e9galement demander la suppression des donn\u00e9es personnelles vous concernant. Cela ne prend pas en compte les donn\u00e9es stock\u00e9es \u00e0 des fins administratives, l\u00e9gales ou pour des raisons de s\u00e9curit\u00e9.<\/p><!-- \/wp:paragraph --><!-- wp:heading --><h2>Transmission de vos donn\u00e9es personnelles<\/h2><!-- \/wp:heading --><!-- wp:paragraph --><p><strong class=\"privacy-policy-tutorial\">Texte sugg\u00e9r\u00e9\u00a0: <\/strong>Les commentaires des visiteurs peuvent \u00eatre v\u00e9rifi\u00e9s \u00e0 l\u2019aide d\u2019un service automatis\u00e9 de d\u00e9tection des commentaires ind\u00e9sirables.<\/p><!-- \/wp:paragraph -->","_et_gb_content_width":"","inline_featured_image":false,"footnotes":""},"class_list":["post-3","page","type-page","status-publish","hentry"],"_links":{"self":[{"href":"https:\/\/perspectiveconseil.fr\/index.php\/wp-json\/wp\/v2\/pages\/3","targetHints":{"allow":["GET"]}}],"collection":[{"href":"https:\/\/perspectiveconseil.fr\/index.php\/wp-json\/wp\/v2\/pages"}],"about":[{"href":"https:\/\/perspectiveconseil.fr\/index.php\/wp-json\/wp\/v2\/types\/page"}],"author":[{"embeddable":true,"href":"https:\/\/perspectiveconseil.fr\/index.php\/wp-json\/wp\/v2\/users\/1"}],"replies":[{"embeddable":true,"href":"https:\/\/perspectiveconseil.fr\/index.php\/wp-json\/wp\/v2\/comments?post=3"}],"version-history":[{"count":3,"href":"https:\/\/perspectiveconseil.fr\/index.php\/wp-json\/wp\/v2\/pages\/3\/revisions"}],"predecessor-version":[{"id":224,"href":"https:\/\/perspectiveconseil.fr\/index.php\/wp-json\/wp\/v2\/pages\/3\/revisions\/224"}],"wp:attachment":[{"href":"https:\/\/perspectiveconseil.fr\/index.php\/wp-json\/wp\/v2\/media?parent=3"}],"curies":[{"name":"wp","href":"https:\/\/api.w.org\/{rel}","templated":true}]}}